{"id":259,"date":"2010-01-28T07:24:06","date_gmt":"2010-01-28T05:24:06","guid":{"rendered":"http:\/\/www.aikibujutsu.hu\/test\/?page_id=259"},"modified":"2015-12-11T07:58:51","modified_gmt":"2015-12-11T07:58:51","slug":"sziklai-ferenc","status":"publish","type":"page","link":"https:\/\/www.aikibujutsu.hu\/?page_id=259","title":{"rendered":"Sziklai Ferenc"},"content":{"rendered":"<p style=\"text-align: justify;\">Sziklai Ferenc<\/p>\n<p>Aikido \u00e9s Aikibujutsu 5. dan, Kyoshi, Bojutsu 2. dan, Shidoin, aikido, aikibujutsu edz\u0151, sportoktat\u00f3<\/p>\n<p>&nbsp;<\/p>\n<p style=\"text-align: center;\"><a href=\"https:\/\/www.aikibujutsu.hu\/SajatPic\/Sziklai-Aikibujutsu-Seiza_IMG_3218.jpg\"><img loading=\"lazy\" class=\"  wp-image-1824 aligncenter\" src=\"https:\/\/www.aikibujutsu.hu\/SajatPic\/Sziklai-Aikibujutsu-Seiza_IMG_3218.jpg\" alt=\"Sziklai Ferenc\" width=\"375\" height=\"563\" \/><\/a>Sziklai Ferenc<\/p>\n<p>1974-ben sz\u00fclettem Budapesten. M\u00e1r gyerekkoromban is \u00e9rdekl\u0151dtem a harcm\u0171v\u00e9szetek ir\u00e1nt. Igaz, ez legink\u00e1bb a szamur\u00e1j, ninja \u00e9s kung-fu filmek n\u00e9z\u00e9s\u00e9ben mer\u00fclt ki, de mindig is csod\u00e1lva tekintettem a nagy harcosokra.<!--more--><\/p>\n<p>Az <span style=\"text-decoration: underline;\"><a href=\"http:\/\/www.bajza6.hu\/news\" target=\"_blank\">\u00e1ltal\u00e1nos<\/a><\/span>&#8211; \u00e9s <span style=\"text-decoration: underline;\"><a href=\"http:\/\/www.szinyeigimibp.hu\/\" target=\"_blank\">k\u00f6z\u00e9piskol\u00e1ban<\/a><\/span> lehet\u0151s\u00e9gem volt megismerkedni a sport k\u00fcl\u00f6nb\u00f6z\u0151 v\u00e1lfajaival. A tan\u00edt\u00e1s ut\u00e1n az int\u00e9zm\u00e9nyek ny\u00fajtotta sport edz\u00e9sek mindegyik\u00e9t l\u00e1togattam a tizenk\u00e9t \u00e9v alatt. Tagja voltam az iskolai fut\u00f3-, k\u00e9zilabda-, ping-pong-, terem- \u00e9s nagyp\u00e1ly\u00e1s-, valamint \u00fasz\u00f3 v\u00e1logatott csapatainak. Szerencs\u00e9snek mondhatom magam, hogy kor\u00e1n kapcsolatba ker\u00fcltem a sportokkal, melyek a mai napig meghat\u00e1rozz\u00e1k az \u00e9letemet. A gimn\u00e1ziumi \u00e9vek alatt a testnevel\u00e9s tan\u00e1rom k\u00e9r\u00e9semre k\u00fcl\u00f6n\u00f3r\u00e1kat adott a talajtorna rejtelmeib\u0151l.<\/p>\n<p>1989-ben egy id\u0151sebb csal\u00e1di ismer\u0151s elvitt \u00e9letem els\u0151 kempo edz\u00e9s\u00e9re, V\u00e1rszegi Rudolf kempo \u00e9s aikido mesterhez. \u00cdgy kezdtem az ismerked\u00e9st a harcm\u0171v\u00e9szetekkel, ami a mai napig is tart. Sportm\u00faltammal a h\u00e1tam m\u00f6g\u00f6tt is, az els\u0151 id\u0151kben igen meger\u0151ltet\u0151ek voltak a kempo edz\u00e9sek fizikailag. Edz\u0151t\u00e1rsaim gyakran viccel\u0151dtek velem: &#8220;Na mi van? M\u00e9g mindig k\u00e9t k\u00e9zzel iszod a kaka\u00f3t?&#8221;. V\u00e1rszegi mester&#8221;r\u00e9gi iskol\u00e1j\u00e1nak&#8221; k\u00f6sz\u00f6nhet\u0151en gy\u00f6keret vert bennem a harcm\u0171v\u00e9szet ir\u00e1nti tisztelet, al\u00e1zat, \u00e9s egy nagy adag bels\u0151 motiv\u00e1ci\u00f3t is adott, ami a mai napig kitart.<\/p>\n<p>Ekkort\u00e1jt m\u00e1r a gimn\u00e1ziumi kos\u00e1rlabda csapat tagja voltam. Az egyik kos\u00e1rmeccsen egy hat h\u00f3napos fel\u00e9p\u00fcl\u00e9ssel j\u00e1r\u00f3 bokas\u00e9r\u00fcl\u00e9st szenvedtem, pont az \u00e9retts\u00e9gi id\u0151szak el\u0151tt. \u00cdgy k\u00f6zel kilenc h\u00f3nap kihagy\u00e1s ut\u00e1n, m\u00e1r a <span style=\"text-decoration: underline;\"><a title=\"Kand\u00f3 K\u00e1lm\u00e1n M\u0171szaki F\u0151iskola\" href=\"http:\/\/kvk.uni-obuda.hu\/karrol\/telephelyek\" target=\"_blank\">f\u0151iskolai \u00e9ve<\/a><\/span><span style=\"text-decoration: underline;\"><a title=\"Kand\u00f3 K\u00e1lm\u00e1n M\u0171szaki F\u0151iskola\" href=\"http:\/\/kvk.uni-obuda.hu\/karrol\/telephelyek\" target=\"_blank\">k<\/a><\/span> alatt folytattam az edz\u00e9seket, imm\u00e1ron Lajos Roland <span style=\"text-decoration: underline;\"><a title=\"Kempo Bujutsu Tanrendo\" href=\"http:\/\/kempobudo.com\/\" target=\"_blank\">kempo<\/a> <\/span>edz\u00e9sein. Az <span style=\"text-decoration: underline;\"><a title=\"ELTE\" href=\"http:\/\/www.inf.elte.hu\/Lapok\/kezdolap.aspx\" target=\"_blank\">egyetemi<\/a><\/span> id\u0151szakban az iskolai sportban m\u00e1r egy\u00e1ltal\u00e1n nem vettem r\u00e9szt, teljesen lefoglaltak a harcm\u0171v\u00e9szetek. Ezzel p\u00e1rhuzamosan Gr\u00e9ger Ferenc aikido mester edz\u00e9seire is beiratkoztam 1995-ben. Az ir\u00e1ny\u00edt\u00e1sa alatt az akkor az orsz\u00e1gban megtal\u00e1lhat\u00f3 aikido st\u00edlusokat tanulm\u00e1nyoztuk, sz\u00e9les\u00edtve ismereteinket. Az aikido fakardos, \u00e9s botos technik\u00e1it eleinte feleslegesnek tal\u00e1ltam, de k\u00e9s\u0151bb az \u00e9rdektelens\u00e9g \u00e1tfordult \u00e9rdekl\u0151d\u00e9ss\u00e9. Ennek \u00e9s az id\u0151k\u00f6zben a <span style=\"text-decoration: underline;\"><a title=\"Shinkendo\" href=\"http:\/\/www.shinkendo.com\/\" target=\"_blank\">Shinkendo <\/a><\/span>meghonos\u00edt\u00e1s\u00e1val foglalatoskod\u00f3 <span style=\"text-decoration: underline;\"><a title=\"Lajos Roland\" href=\"http:\/\/www.shinkendo.hu\/?page_id=58\" target=\"_blank\">Lajos Rolandnak<\/a><\/span> k\u00f6sz\u00f6nhet\u0151en megismerkedtem 2000-ben a t\u00f6bb mint 75 dannal rendelkez\u0151 <span style=\"text-decoration: underline;\"><a title=\"Obata Toshishiro Kaiso\" href=\"https:\/\/www.aikibujutsu.hu\/?page_id=1115\" target=\"_blank\">Obata Toshisiro Kaisoval<\/a><\/span>, akinek a szem\u00e9lye \u00e9s tud\u00e1sa azonnal elvar\u00e1zsolt.<\/p>\n<p>Az Obata Kaisoval megismerked\u00e9sem \u00f3ta eltel id\u0151ben szem\u00e9lyes tan\u00edtv\u00e1ny\u00e1v\u00e1 fogadott, \u00e9s az aikido, aikibujutsu, bojutsu tanaiba vezet be, mely ismereteket \u00e9n is adom tov\u00e1bb az \u00e9rdekl\u0151d\u0151knek.<\/p>\n<p>2011-ben Aikido \u00e9s Aikibujutsu Renshi instruktori fokozatot (egyben nemzetk\u00f6zi oktat\u00e1si jogot), 2012-ben Bojutsu Shidoin instruktori fokozatot, 2014-ben <span style=\"text-decoration: underline;\"><a title=\"Az aikido eredete\" href=\"https:\/\/www.aikibujutsu.hu\/?page_id=1537\" target=\"_blank\">Aikido<\/a><\/span> \u00e9s <span style=\"text-decoration: underline;\"><a title=\"Az aikibujutsu eredete\" href=\"https:\/\/www.aikibujutsu.hu\/?page_id=242\" target=\"_blank\">Aikibujutsu<\/a><\/span> 5. dan, \u00e9s <span style=\"text-decoration: underline;\"><a title=\"Bojutsu\" href=\"https:\/\/www.aikibujutsu.hu\/?page_id=413\" target=\"_blank\">Bojutusu<\/a><\/span> 1. dan fokozatot, 2015-ben Aikido \u00e9s Aikibujutsu Kyoshi intsruktori \u00e9s Bojutsu 2. dan fokozatot \u00e9rtem el. Alkalmank\u00e9nt r\u00e9szt veszek <span style=\"text-decoration: underline;\"><a title=\"Vikart\u00f3czky Guszt\u00e1v\" href=\"http:\/\/www.nihontaijitsu.hu\/index.html\" target=\"_blank\">Vikart\u00f3czky Guszt\u00e1v<\/a><\/span> 6. danos Nihon Tai Jitsu, Nihon Ju Jitsu Shihan Jitsu \u00e9s Hanbo k\u00e9pz\u00e9sein. Ismereteim b\u0151v\u00edt\u00e9s\u00e9re \u00e9s az \u00e1ltalam vezetett edz\u00e9sek sz\u00ednvonal\u00e1nak emel\u00e9se \u00e9rdek\u00e9ben elv\u00e9geztem 2013\/14-ben a <span style=\"text-decoration: underline;\"><a title=\"Tan Kapuja Buddhista F\u0151iskola\" href=\"http:\/\/www.tkbf.hu\/\" target=\"_blank\">Tan Kapuja Buddhista F\u0151iskola<\/a><\/span> harcm\u0171v\u00e9szet t\u00f6rt\u00e9neti tanfolyam\u00e1t sikeres vizsg\u00e1val. Tov\u00e1bb\u00e1 2014. m\u00e1rcius\u00e1ban beiratkoztam egy k\u00f6z\u00e9pfok\u00fa <span style=\"text-decoration: underline;\"><a href=\"http:\/\/www.edzokepzes.hu\/\" target=\"_blank\">sportoktat\u00f3<\/a><\/span> k\u00e9pz\u00e9sre, melyet 2015. febru\u00e1rj\u00e1ban jeles eredm\u00e9nnyel z\u00e1rtam.<\/p>\n<p>K\u00f6sz\u00f6nettel tartozom mindenkinek, akik sz\u00fcntelen\u00fcl t\u00e1mogattak \u00e9s t\u00e1mogatnak a mai napig, biztos\u00edtott\u00e1k a lehet\u0151s\u00e9geket, hogy a sportban \u00e9s a harcm\u0171v\u00e9szetekben eredm\u00e9nyeimet el\u00e9rjem. Sz\u00fcleimnek, csal\u00e1domnak, \u00e9s bar\u00e1taimnak a sokszor lemond\u00e1ssal j\u00e1r\u00f3 t\u00fcrelm\u00fck\u00e9rt. Mestereimnek a tan\u00edt\u00e1st, \u00e9s a tanul\u00f3knak az \u00e1lland\u00f3 k\u00e9rd\u00e9seket, buzd\u00edt\u00e1sokat.<\/p>\n<p>Jinsei Aikibujutsu \/ Az \u00c9let Aikibujutsu<\/p>\n","protected":false},"excerpt":{"rendered":"<p>Sziklai Ferenc Aikido \u00e9s Aikibujutsu 5. dan, Kyoshi, Bojutsu 2. dan, Shidoin, aikido, aikibujutsu edz\u0151, sportoktat\u00f3 &nbsp; Sziklai Ferenc 1974-ben sz\u00fclettem Budapesten. M\u00e1r gyerekkoromban is \u00e9rdekl\u0151dtem a harcm\u0171v\u00e9szetek ir\u00e1nt. Igaz, [&hellip;]<\/p>\n","protected":false},"author":4,"featured_media":0,"parent":0,"menu_order":1,"comment_status":"closed","ping_status":"closed","template":"","meta":{"_mi_skip_tracking":false},"_links":{"self":[{"href":"https:\/\/www.aikibujutsu.hu\/index.php?rest_route=\/wp\/v2\/pages\/259"}],"collection":[{"href":"https:\/\/www.aikibujutsu.hu\/index.php?rest_route=\/wp\/v2\/pages"}],"about":[{"href":"https:\/\/www.aikibujutsu.hu\/index.php?rest_route=\/wp\/v2\/types\/page"}],"author":[{"embeddable":true,"href":"https:\/\/www.aikibujutsu.hu\/index.php?rest_route=\/wp\/v2\/users\/4"}],"replies":[{"embeddable":true,"href":"https:\/\/www.aikibujutsu.hu\/index.php?rest_route=%2Fwp%2Fv2%2Fcomments&post=259"}],"version-history":[{"count":26,"href":"https:\/\/www.aikibujutsu.hu\/index.php?rest_route=\/wp\/v2\/pages\/259\/revisions"}],"predecessor-version":[{"id":1939,"href":"https:\/\/www.aikibujutsu.hu\/index.php?rest_route=\/wp\/v2\/pages\/259\/revisions\/1939"}],"wp:attachment":[{"href":"https:\/\/www.aikibujutsu.hu\/index.php?rest_route=%2Fwp%2Fv2%2Fmedia&parent=259"}],"curies":[{"name":"wp","href":"https:\/\/api.w.org\/{rel}","templated":true}]}}