{"id":1537,"date":"2014-08-27T03:30:16","date_gmt":"2014-08-27T01:30:16","guid":{"rendered":"http:\/\/www.aikibujutsu.hu\/?page_id=1537"},"modified":"2014-08-27T03:30:16","modified_gmt":"2014-08-27T01:30:16","slug":"az-aikido-eredete","status":"publish","type":"page","link":"https:\/\/www.aikibujutsu.hu\/?page_id=1537","title":{"rendered":"Az aikido eredete"},"content":{"rendered":"<p><!DOCTYPE html PUBLIC \"-\/\/W3C\/\/DTD XHTML 1.0 Transitional\/\/EN\" \"http:\/\/www.w3.org\/TR\/xhtml1\/DTD\/xhtml1-transitional.dtd\"><br \/>\n<html xmlns=\"http:\/\/www.w3.org\/1999\/xhtml\" xml:lang=\"hu\" lang=\"hu\"><\/p>\n<p>\t<head><br \/>\n\t\t<title>Az Aikid\u014d eredete \u00e9s t\u00f6rt\u00e9nete<\/title>\n\t\t<link href=\"http:\/\/aikibujutsu.hu\/SajatStyle\/ObataBio.css\" rel=\"stylesheet\" type\"text\/class\" \/>\n\t\t<meta http-equiv=\"Content-Type\" content=\"text\/html; charset=iso-8859-2\" \/><br \/>\n\t\t<meta http-equiv=\"content-language\" content=\"hu\" \/><\/p>\n<p><\/head><br \/>\n<body><\/p>\n<div id=\"doboz\">\n<div id=\"szoveg\">\n\t\t\t<\/br><\/p>\n<div id=\"KepKozepre\">\n<p><img loading=\"lazy\" src=\"https:\/\/www.aikibujutsu.hu\/SajatPic\/Aikido_History1630x680.jpg\" title=\"Nage\" alt=\"\"  width=\"570\" height=\"280\" \/>\n\t\t\t<\/div>\n<\/p><\/div>\n<div id=\"oldalNeve\">\n<h1 class=\"szalagcimHatter\">Az Aikid\u014d eredete \u00e9s<br \/>t\u00f6rt\u00e9nelme<\/h1>\n<\/p><\/div>\n<div id=\"szoveg\">\n<p>\t<\/br><\/p>\n<p>A modern <em>aikid\u014d<\/em> pontos eredete, hogy mely m\u0171v\u00e9szetekb\u0151l sz\u00e1rmazik, nem teljesen dokument\u00e1lt, \u00e9s \u00edgy sz\u00e1mos n\u00e9pszer\u0171 elm\u00e9let terjed a k\u00f6ztudatban. Az al\u00e1bbi verzi\u00f3 szorosan k\u00f6veti a t\u00f6rt\u00e9nelmi sz\u00e1jhagyom\u00e1nyt.<\/p>\n<p>Kor\u00e1bbi feljegyz\u00e9sek szerint \u00fagy v\u00e9lik, az <em>aikid\u014d<\/em> technik\u00e1i eredetileg <em>Shinra<\/em><em> Sabur\u014d Minamoto no Yoshimitsu<\/em> nev\u00e9hez k\u00f6t\u0151dnek, aki k\u00f6r\u00fclbel\u00fcl 900 \u00e9vvel ezel\u0151tt a <em>Seiwa<\/em><em> Genji-han<\/em> h\u00edres szamur\u00e1ja \u00e9s <em>Seiwa<\/em> cs\u00e1sz\u00e1r lesz\u00e1rmazottja volt. Azt mondj\u00e1k, <em>Yoshimitsu<\/em> \u00e9s fiv\u00e9re, <em>Yoshiie<\/em> a b\u0171n\u00f6z\u0151k \u00e9s a h\u00e1bor\u00fa \u00e1ldozatainak test\u00e9t otthonukban, <em>Dait\u014d<\/em> (\u5927\u6771) v\u00e1r\u00e1ban boncolt\u00e1k f\u00f6l. A kutat\u00e1s, amit az anat\u00f3mia \u00e9s a csontv\u00e1z m\u0171k\u00f6d\u00e9s\u00e9nek meg\u00e9rt\u00e9s\u00e9\u00e9rt v\u00e9geztek \u00e9s k\u00e9pezte az alapj\u00e1t a <em>Dait\u014d-ry\u016b<\/em> (\u5927\u6771\u6d41) <em>j\u016bjutsu<\/em>-nak. <em>Yoshimitsu<\/em> tov\u00e1bbadta m\u0171v\u00e9szet\u00e9t fi\u00e1nak, <em>Yoshikiyu<\/em>-nak, aki k\u00e9s\u0151bb letelepedett \u00e9s csal\u00e1dot alap\u00edtott a <em>Kai<\/em> tartom\u00e1nyban (a mai <em>Yamanashi<\/em><em> Prefekt\u00fara<\/em>), a <em>Takeda<\/em> kl\u00e1n \u00e1ltal fel\u00fcgyelt ter\u00fcleten, ahol 1500-as \u00e9vekt\u0151l az 1800-as \u00e9vek v\u00e9g\u00e9ig \u00e9lt az \u00faj nemzed\u00e9k. Az \u00faj vonal \u00edgy vette fel a <em>\u201eTakeda\u201d<\/em> vezet\u00e9knevet, \u00e9s lett <em>Kai-Genji<\/em><em> Takeda<\/em> (<em>Kai<\/em> a tartom\u00e1nyra utal, <em>Genji<\/em> a csal\u00e1d eredeti neve).<\/p>\n<p><strong>Takeda<\/strong><strong> S\u014dkaku \u00e9s a Dait\u014d Ry\u016b<\/strong><\/p>\n<p>Eredetileg az <em>aikijutsu<\/em> harm\u0171v\u00e9szet\u00e9t csatat\u00e9ri k\u00fczdelemre fejlesztett\u00e9k ki a p\u00e1nc\u00e9lt visel\u0151 <em>Bushi<\/em>-k (\u6b66\u58eb, <em>harcosok<\/em>) ellen, mely els\u0151sorban <em>t\u014ds\u014d<\/em> technik\u00e1kb\u00f3l (\u5200\u69cd; <em>kard \u00e9s l\u00e1ndzsa<\/em>) t\u00e1pl\u00e1lkozott. Ezekben az id\u0151kben a <em>j\u016bjutsu<\/em>-t kieg\u00e9sz\u00edt\u0151 st\u00edlusk\u00e9nt tan\u00edtott\u00e1k a fegyverforgat\u00e1s mellett. A <em>j\u016bjutsu<\/em> ezen \u00e1gazat\u00e1n bel\u00fcl t\u00f6bb szinten tan\u00edtottak, melyek k\u00f6z\u00f6tt megtal\u00e1lhat\u00f3 az <em>aiki<\/em><em> no j\u016btsu<\/em> \u00e9s az <em>aikij\u016bjutsu<\/em>, a magas rang\u00fa szamur\u00e1jok sz\u00e1m\u00e1ra fenntartott ismeretek. M\u00edg a <em>j\u016bjutsu<\/em> m\u0171v\u00e9szet\u00e9t t\u00e1mad\u00e1sra haszn\u00e1lt\u00e1k, addig az <em>aikij\u016bjutsu<\/em>-t szinte csak v\u00e9dekez\u00e9sre alkott\u00e1k meg. A technik\u00e1k az id\u0151vel v\u00e1ltoztak \u00e9s v\u00e9g\u00fcl a XVI. sz\u00e1zadban a fent eml\u00edtett <em>Kai-Genji<\/em><em> Takeda<\/em> csal\u00e1dnak adt\u00e1k tov\u00e1bb <em>gotenj\u016btsu<\/em> (\u5fa1\u6bbf\u8853; <em>udvari-, palot\u00e1n bel\u00fcli m\u0171v\u00e9szetek<\/em>) n\u00e9ven. <em>Takeda<\/em><em> Kunitsugu<\/em>, a <em>Kai-Genji<\/em> vonal alap\u00edt\u00f3ja \u00e9s az <em>\u201eAizu shinan-ban\u201d<\/em> rang birtokosa (az <em>Aizu<\/em> kl\u00e1n kardv\u00edv\u00f3 mestere) adta \u00e1t a tud\u00e1st magas rang\u00fa kl\u00e1n tagoknak. Az <em>aikij\u016btsu<\/em> (akkori n\u00e9ven <em>hanza<\/em><em> handachi<\/em> vagy <em>oshikiuchi<\/em>) m\u0171v\u00e9szet\u00e9t \u00f6nv\u00e9delmi st\u00edlusk\u00e9nt tanult\u00e1k az <em>Edo<\/em> v\u00e1r\u00e1ban szolg\u00e1latot ell\u00e1t\u00f3 legf\u0151bb csatl\u00f3sok, a hadurak. <em>Hoshina<\/em><em> Masayuki<\/em> a negyedik <em>sh\u014dgun<\/em> (<em>Tokugawa<\/em><em> Ietsuna<\/em>) egyik oktat\u00f3ja, <em>Edo<\/em> v\u00e1r\u00e1ban fejlesztette tov\u00e1bb az <em>oshikiuchi<\/em> m\u0171v\u00e9szet\u00e9t, mely k\u00e9s\u0151bb egyes\u00fclt a <em>Takeda<\/em> csal\u00e1d hagyom\u00e1nyos technik\u00e1ival, \u00e9s a <em>Meiji<\/em> id\u0151szakban <em>Dait\u014d<\/em><em> Ry\u016b<\/em> n\u00e9ven v\u00e1lt ismertt\u00e9.<\/p>\n<div style=\"padding-bottom: 20px;\" align=\"center\">\n<table border=\"0\" cellspacing=\"5\">\n<tbody>\n<tr>\n<td width=\"400\" height=\"530\"><img loading=\"lazy\" title=\"Takeda S\u014dkaku\" alt=\"Takeda S\u014dkaku\" src=\"https:\/\/www.aikibujutsu.hu\/SajatPic\/Takeda_and_son_Tokimune_InOsaka_1939.jpg\" border=\"0\" width=\"400\" height=\"530\"><\/td>\n<\/tr>\n<tr>\n<td colspan=\"3\" align=\"center\"><span class=\"caption\"><span class=\"romaji\">Osaka 1939, Takeda S\u014dkaku (balra) fi\u00e1val Takeda Tokimune-val (k\u00f6z\u00e9pen) \u00e9s egy r\u00e9gi tan\u00edtv\u00e1ny\u00e1val Hisa Takuma-val (jobbra)<\/span> <\/span><\/td>\n<\/tr>\n<\/tbody>\n<\/table><\/div>\n<p><em>Takeda<\/em><em> S\u014dkaku<\/em> a <em>Meiji<\/em> korszakban (1868-1912) n\u0151tt fel. Ekkor zajlott a cs\u00e1sz\u00e1ri rend vissza\u00e1ll\u00edt\u00e1sa, jelent\u0151s v\u00e1ltoz\u00e1sok k\u00f6vetkeztek be Jap\u00e1n szerte. Ez a folyamat a kereskedelmi meg\u00e1llapod\u00e1sok kiterjeszt\u00e9s\u00e9vel, a nyugati vil\u00e1g \u00e9letvitel\u00e9nek be\u00e1raml\u00e1s\u00e1val, valamint a feud\u00e1lis oszt\u00e1lyrendszer megsz\u0171n\u00e9s\u00e9vel j\u00e1rt (ide \u00e9rtve a szamur\u00e1j oszt\u00e1ly feloszlat\u00e1s\u00e1t is), annak biztos\u00edt\u00e1s\u00e1ra, hogy a k\u00e9s\u0151bbiekben minden ember egyenrang\u00fa elb\u00edr\u00e1l\u00e1sban r\u00e9szes\u00fclj\u00f6n. Ezen szigor\u00fa v\u00e1ltoz\u00e1sok egyike a <em>Hait\u014drei<\/em>, a kardok nyilv\u00e1nos visel\u00e9s\u00e9nek tilt\u00e1sa, melyet 1876-ban vezettek be. Az \u00faj v\u00e1ltoz\u00e1sok hat\u00e1s\u00e1t l\u00e1tva <em>Saig\u014d<\/em><em> Tanomo<\/em> (akit <em>Takeda<\/em><em> S\u014dkaku oshikiuchi<\/em> oktat\u00f3j\u00e1nak tartanak) azt tan\u00e1csolta <em>S\u014dkaku<\/em>-nak, hogy a <em>Dait\u014d<\/em><em> Ry\u016b<strong><sup>1<\/sup><\/strong><\/em> els\u0151dleges alapjait k\u00e9pez\u0151 <em>kenjutsu<\/em>-r\u00f3l (\u5251\u672f, <em>kardv\u00edv\u00e1s<\/em>) helyezze a hangs\u00falyt az <em>aikibuj\u016btsu<\/em> m\u0171v\u00e9szet\u00e9re melynek l\u00e9nyege a <em>taij\u016btsu<\/em> (\u4f53 \u672f, <em>fegyvertelen, pusztakezes technika<\/em>). Ezen v\u00e1ltoztat\u00e1soknak, valamint annak, hogy <em>S\u014dkaku<\/em> hajland\u00f3 volt terjeszteni ezt a kor\u00e1bban szigor\u00faan \u0151rz\u00f6tt m\u0171v\u00e9szeti form\u00e1t a nagyk\u00f6z\u00f6ns\u00e9g k\u00f6r\u00e9ben k\u00f6sz\u00f6nhet\u0151, hogy, a <em>Dait\u014d<\/em><em> Ry\u016b<\/em> rendk\u00edv\u00fcl n\u00e9pszer\u0171 lett. <em>S\u014dkaku<\/em>-t a m\u0171v\u00e9szet <em>ch\u016bk\u014d<\/em><em> no so-jak\u00e9nt<\/em> (\u4e2d\u8208 \u306e \u7956, <em>\u00fajra\u00e9leszt\u0151, helyre\u00e1ll\u00edt\u00f3<\/em>) \u00fcnnepelt\u00e9k az \u00f6tlet siker\u00e9\u00e9rt.<\/p>\n<p><em>Takeda<\/em><em> S\u014dkaku<\/em> szerint:<em>\u201eA Dait\u014d-ry\u016b l\u00e9nyege elker\u00fclni, hogy meg\u00f6ljenek, meg\u00fcssenek, vagy megr\u00fagjanak, \u00edgy mi se nem \u00fct\u00fcnk, mi se nem r\u00fagunk, \u00e9s nem is \u00f6l\u00fcnk. C\u00e9lszer\u0171en kezelve ellenfel\u00fcnket, annak energi\u00e1j\u00e1t kihaszn\u00e1lva, t\u00e1mad\u00e1s\u00e1nak lend\u00fclet\u00e9t teljesen \u00f6nmaga ellen tudjuk ford\u00edtani. \u00cdgy b\u00e1rki, ak\u00e1r n\u0151k \u00e9s gyermekek is k\u00e9pesek haszn\u00e1lni. Ennek ellen\u00e9re csak tisztess\u00e9ges embereknek tan\u00edtj\u00e1k. Ha rossz c\u00e9lra haszn\u00e1ln\u00e1k az r\u00e9miszt\u0151 lenne.\u201d<\/em><\/p>\n<div style=\"padding-bottom: 20px;\" align=\"center\">\n<table border=\"0\" cellspacing=\"5\">\n<tbody>\n<tr>\n<td width=\"300\" height=\"210\"><img loading=\"lazy\" title=\"Ueshiba Morihei\" alt=\"Ueshiba Morihei\" src=\"https:\/\/www.aikibujutsu.hu\/SajatPic\/UeshibaMoriheiShihoOsae.jpg\" border=\"0\" width=\"300\" height=\"210\"><\/td>\n<\/tr>\n<tr>\n<td colspan=\"3\" align=\"center\"><span class=\"caption\"><span class=\"romaji\">Ueshiba Morihei &#8211; Shiho Nage Osae<\/span> <\/span><\/td>\n<\/tr>\n<\/tbody>\n<\/table><\/div>\n<p><em>Takeda<\/em><em> S\u014dkaku<\/em> \u00e9lete sor\u00e1n sz\u00e1mos kiemelked\u0151 harcm\u0171v\u00e9szt nevelt, k\u00f6z\u00fcl\u00fck az egyik legkiemelked\u0151bb <em>Ueshiba<\/em><em> Morihei-sensei<\/em>, a modernkori <em>aikid\u014d<\/em> megalap\u00edt\u00f3ja. <em>Morihei<\/em> szorgalmasan tanulta \u00e9s tan\u00edtotta a <em>Dait\u014d-ry\u016b<\/em><em> Aikij\u016bjutsu-t<\/em> a II. vil\u00e1gh\u00e1bor\u00fat megel\u0151z\u0151 id\u0151szakban, mik\u00f6zben megkezdte saj\u00e1t \u00fatt\u00f6r\u0151 <em>aikid\u014d<\/em> st\u00edlus\u00e1nak fejleszt\u00e9s\u00e9t. \u00c9vekkel k\u00e9s\u0151bb a h\u00e1bor\u00fat k\u00f6vet\u0151en feloldott\u00e1k a harcm\u0171v\u00e9szeti tilalmat, <em>Ueshiba-sensei<\/em> visszat\u00e9rt az <em>aikid\u014d<\/em> tan\u00edt\u00e1s\u00e1hoz, melyet 1969-ig, eg\u00e9szen hal\u00e1l\u00e1ig folyamatosan v\u00e1ltoztatott, finom\u00edtott. <em>Shioda<\/em><em> G\u014dz\u014d-kanch\u014d<\/em>, az egyik legelismertebb tan\u00edtv\u00e1nya, nyolc \u00e9ven kereszt\u00fcl tanult <em>Ueshiba<\/em> iskol\u00e1j\u00e1ban a h\u00e1bor\u00fat megel\u0151z\u0151en. <\/p>\n<div style=\"padding-bottom: 20px;\" align=\"center\">\n<table border=\"0\" cellspacing=\"5\">\n<tbody>\n<tr>\n<td width=\"300\" height=\"210\"><img loading=\"lazy\" title=\"Shioda G\u014dz\u014d-kanch\u014d\" alt=\"Shioda G\u014dz\u014d-kanch\u014d\" src=\"https:\/\/www.aikibujutsu.hu\/SajatPic\/GozoShiodaNinnindoriKokyunageFF.jpg\" border=\"0\" width=\"300\" height=\"210\"><\/td>\n<\/tr>\n<tr>\n<td colspan=\"3\" align=\"center\"><span class=\"caption\"><span class=\"romaji\">Shioda G\u014dz\u014d &#8211; Ninnindori Kokyu<\/span> <\/span><\/td>\n<\/tr>\n<\/tbody>\n<\/table><\/div>\n<p><strong><em><sup>1<\/sup><\/em><\/strong><em>A st\u00edlus 1922-ig a Dait\u014d-ry\u016b j\u016bjutsu nevet viselte. A kutat\u00e1s szerint az aiki kifejez\u00e9s az \u014cmoto-ky\u014d kl\u00e1nt vezet\u0151 Deguchi Onisabur\u014d javaslat\u00e1ra adt\u00e1k hozz\u00e1 a j\u016bjutsu-hoz.<\/em><\/p>\n<p>\t<\/br> <\/br> <\/br><\/p>\n<p><strong>Felhaszn\u00e1lt irodalom:<\/strong><\/p>\n<p> &#8211; Extensive conversations and notes from Obata Toshishiro-s\u014dshihan<\/p>\n<p> &#8211; Obata, Toshishiro. <a href=\"http:\/\/www.aiki-buken.com\/overview.html\">Samurai Aikijutsu<\/a>. Los Angeles: Dragon Books, 1988.<\/p>\n<p> &#8211; Pranin, Stanley A. &#8220;Encylopedia of Aikid\u014d&#8221; by Stanley A. Pranin; Aikinews (1991).<\/p>\n<p> &#8211; Pranin, Stanley A. &#8220;Aikid\u014d Masters&#8221; by Stanley A. Pranin; Aikinews (1993).<\/p>\n<p> &#8211; Pranin, Stanley A. &#8220;Dait\u014d-ry\u016b Aikij\u016bjutsu.&#8221; Aikinews (1996).<\/p>\n<p> &#8211; Ueshiba, Morihei. Bud\u014d Training in Aikid\u014d. Sugawara Martial Arts Institute, Inc., 1997<\/p>\n<p> &#8211; &#8220;Aiki News: Dait\u014d Ry\u016b special issue.&#8221; Aikinews Issue #79 (1988).<\/p>\n<\/p><\/div>\n<p class=\"kozepreTSUBAmini\"> <img loading=\"lazy\" src=\"https:\/\/www.aikibujutsu.hu\/SajatPic\/Aikibujutsu-TSUBA-mini.jpg\" title=\"Tsuba\" alt=\"\" width=\"62\" height=\"74\" \/> <\/p>\n<p>\t\t\t<\/br><\/p>\n<div id=\"AlairasKepJobbra\">\n<p><img loading=\"lazy\" src=\"https:\/\/www.aikibujutsu.hu\/SajatPic\/SziklaiFerenc&#038;CyrusFeketeMERGED.jpg\" title=\"signo\" alt=\"\" width=\"90\" height=\"25\" \/><\/p>\n<div style=\"font-size:90%%; font-variant: small-caps; margin-left:1em; text-align: left; border-top:1px solid silver; margin-top:1em;\">\n<p>2014. Augusztus<\/p>\n<\/p><\/div>\n<p>\t\t\t\t<\/br><br \/>\n\t\t\t\t<\/br><\/p><\/div>\n<\/div>\n<p><\/body><\/p>\n<p><\/html><\/p>\n","protected":false},"excerpt":{"rendered":"<p>Az Aikid\u014d eredete \u00e9s t\u00f6rt\u00e9nete Az Aikid\u014d eredete \u00e9st\u00f6rt\u00e9nelme A modern aikid\u014d pontos eredete, hogy mely m\u0171v\u00e9szetekb\u0151l sz\u00e1rmazik, nem teljesen dokument\u00e1lt, \u00e9s \u00edgy sz\u00e1mos n\u00e9pszer\u0171 elm\u00e9let terjed a k\u00f6ztudatban. Az [&hellip;]<\/p>\n","protected":false},"author":1,"featured_media":0,"parent":0,"menu_order":0,"comment_status":"closed","ping_status":"open","template":"","meta":{"_mi_skip_tracking":false},"_links":{"self":[{"href":"https:\/\/www.aikibujutsu.hu\/index.php?rest_route=\/wp\/v2\/pages\/1537"}],"collection":[{"href":"https:\/\/www.aikibujutsu.hu\/index.php?rest_route=\/wp\/v2\/pages"}],"about":[{"href":"https:\/\/www.aikibujutsu.hu\/index.php?rest_route=\/wp\/v2\/types\/page"}],"author":[{"embeddable":true,"href":"https:\/\/www.aikibujutsu.hu\/index.php?rest_route=\/wp\/v2\/users\/1"}],"replies":[{"embeddable":true,"href":"https:\/\/www.aikibujutsu.hu\/index.php?rest_route=%2Fwp%2Fv2%2Fcomments&post=1537"}],"version-history":[{"count":0,"href":"https:\/\/www.aikibujutsu.hu\/index.php?rest_route=\/wp\/v2\/pages\/1537\/revisions"}],"wp:attachment":[{"href":"https:\/\/www.aikibujutsu.hu\/index.php?rest_route=%2Fwp%2Fv2%2Fmedia&parent=1537"}],"curies":[{"name":"wp","href":"https:\/\/api.w.org\/{rel}","templated":true}]}}